{"id":198,"date":"2017-02-20T09:20:10","date_gmt":"2017-02-20T09:20:10","guid":{"rendered":"http:\/\/ogvs.de\/?page_id=198"},"modified":"2017-06-22T09:56:08","modified_gmt":"2017-06-22T09:56:08","slug":"ortsmitte","status":"publish","type":"page","link":"https:\/\/ogvs.de\/?page_id=198","title":{"rendered":"Ortsmitte"},"content":{"rendered":"<p><strong>Architektur-Workshop Seeshaupt Dorfmitte 25. \u2013 29. Juli 2012<\/strong><\/p>\n<p><strong>Ausgangssituation<\/strong><\/p>\n<p>Nahezu alle Geb\u00e4ude in der Seeshaupter Ortsmitte fielen im Jahr 1815 einem gro\u00dfen Feuer zum Opfer. Der Wiederaufbau erfolgte nach den Pl\u00e4nen des k\u00f6niglichen Baurats Gustav Vorherr aus M\u00fcnchen (1778-1848), der zu den wichtigsten Vertretern der \u201eSonnenbaulehre\u201c geh\u00f6rte. 1822 erhielt Seeshaupt eine Auszeichnung als sch\u00f6nstes Dorf Bayerns. Vom damaligen Ortsbild sind heute nur noch wenige Spuren erhalten.<\/p>\n<p>Zu den \u00e4ltesten Bauten in der Hauptstra\u00dfe geh\u00f6ren die H\u00e4user mit den Hausnummern 2 und 4. Im Geb\u00e4ude mit der Hausnummer 2 befindet sich im Erdgeschoss ein Antiquit\u00e4tengesch\u00e4ft und im s\u00fcdlichen Geb\u00e4udeteil an der Penzberger Stra\u00dfe ein Modeladen. Im Haus Nummer 4 gibt es ein Schreibwarengesch\u00e4ft, im r\u00fcckw\u00e4rtigen, eingeschossigen Anbau ist das Juze (Jugendzentrum) untergebracht. Die Obergeschosse der H\u00e4user sind als Wohnraum vermietet. Beide Anwesen geh\u00f6ren der Gemeinde. Die Bausubstanz der H\u00e4user gilt als sanierungsbed\u00fcrftig. Weil keines der Geb\u00e4ude unterkellert ist, hat sich auf den Fl\u00e4chen dahinter ein Wildwuchs von Holzschuppen entwickelt, die als Lagerraum (auch f\u00fcr Heiz\u00f6l) und als Garagen genutzt werden.<\/p>\n<p>In einer Untersuchung zur Ortsentwicklung Seeshaupts von Professor Elmar Zepf aus dem Jahr 1991 hei\u00dft es: \u201eAus der Geschichte des Dorfes ist nicht abzulesen, dass es eine Art Dorfplatz gegeben hat. Heute empfinden die Bewohner dies als erhebliches Defizit. Anscheinend befriedigt aber auch das Aussehen des Ortskernes die B\u00fcrger nicht.\u201c<\/p>\n<p>Erkennbar ist die Sehnsucht nach einer Dorfmitte auch daran, dass die \u00f6ffentliche Gr\u00fcnfl\u00e4che zwischen den beiden Anwesen Hauptstra\u00dfe 2 und 4, auf der ein kleines ehemaliges Waschh\u00e4usl steht, im Ort als \u201eDorfplatz\u201c, neuerdings auch als \u201eBrunnenplatz\u201c bezeichnet wird, ohne dass die Freifl\u00e4che diesen Zweck gestalterisch und funktional befriedigend erf\u00fcllen w\u00fcrde. Weitere gemeindliche Freifl\u00e4chen hinter dem sog. \u201eBrunnenplatz\u201c zeigen sich als kaum geordnete Brache. Eingerahmt bzw. durchzogen werden diese Fl\u00e4chen von Fu\u00dfwegen zwischen dem gemeindlichen Parkplatz an der Dall\u2019Armi-Stra\u00dfe sowie der Penzberger- und der Hauptstra\u00dfe.<\/p>\n<p><strong>W\u00fcnsche und Ziele<\/strong><\/p>\n<p>Ziel des Architektur-Workshops Seeshaupt Dorfmitte ist es, Entwurfsideen f\u00fcr die Zeit zu gewinnen, da die Gemeinde Seeshaupt eine Neuordnung der Grundst\u00fccke Hauptstra\u00dfe 2 und 4 sowie der umgebenden Freifl\u00e4chen beschlie\u00dft. Gestaltung und Nutzung sollen dazu f\u00fchren, dass der Planungsbereich als Ortsmitte wahrgenommen wird.<\/p>\n<p><strong>Anforderungen und Nutzungen<\/strong><\/p>\n<p>L\u00f6sungsvorschl\u00e4ge k\u00f6nnen vom Erhalt und Sanierung der bestehenden Geb\u00e4ude bis zur v\u00f6lligen Neuordnung der Bebauung und der Freifl\u00e4chen unter Aussch\u00f6pfung aller M\u00f6glichkeiten des geltenden Bebauungsplans reichen. Auch Abweichungen von den Vorgaben sind m\u00f6glich, wenn eine besondere Idee das verlangt.<\/p>\n<p>Zu entwickeln ist jeweils ein auch Funktions- und Gestaltungskonzept f\u00fcr die \u00f6ffentlichen Freifl\u00e4chen einschlie\u00dflich der bestehenden Fu\u00dfwege.<\/p>\n<p>M\u00f6gliche Nutzungen: Im Erdgeschoss Einzelhandel (Lebensmittel, Schreibwaren, Buchhandlung mit Caf\u00e9, Antiquit\u00e4ten, Goldschmiede, Mode); Imbiss; Jugendzentrum; K\u00fcnstleratelier. In den Obergeschossen nach Norden B\u00fcror\u00e4ume (freie Berufe), nach S\u00fcden barrierefreies Wohnen, Mehrgenerationenwohnen. Freiraum: Platz f\u00fcr kleinere Veranstaltungen (z. B. Weihnachtsmarkt, Vereinsfeste), Brunnen, evtl. Sitzm\u00f6glichkeiten f\u00fcr Imbiss.<\/p>\n<p>OGVS, im Juli 2012<\/p>\n<h3>Arbeitsergebnisse<\/h3>\n<p><a href=\"https:\/\/ogvs.de\/wp-content\/uploads\/2017\/02\/Doku_Seeshaupt-Ortsmitte-Uni-KL-2012.pdf\" target=\"_blank\">Dokumentation der Arbeitsergebnisse &#8211; Studenten der Universit\u00e4t Kaiserslautern &#8211; Sommer 2012 (30 MB)<\/a><\/p>\n","protected":false},"excerpt":{"rendered":"<p>Architektur-Workshop Seeshaupt Dorfmitte 25. \u2013 29. Juli 2012 Ausgangssituation Nahezu alle Geb\u00e4ude in der Seeshaupter Ortsmitte fielen im Jahr 1815 einem gro\u00dfen Feuer zum Opfer. Der Wiederaufbau erfolgte nach den Pl\u00e4nen des k\u00f6niglichen Baurats Gustav Vorherr aus M\u00fcnchen (1778-1848), der zu den wichtigsten Vertretern der \u201eSonnenbaulehre\u201c geh\u00f6rte. 1822 erhielt Seeshaupt eine Auszeichnung als sch\u00f6nstes Dorf [&hellip;]<\/p>\n","protected":false},"author":1,"featured_media":0,"parent":189,"menu_order":40,"comment_status":"closed","ping_status":"closed","template":"","meta":{"footnotes":""},"class_list":["post-198","page","type-page","status-publish","hentry"],"_links":{"self":[{"href":"https:\/\/ogvs.de\/index.php?rest_route=\/wp\/v2\/pages\/198","targetHints":{"allow":["GET"]}}],"collection":[{"href":"https:\/\/ogvs.de\/index.php?rest_route=\/wp\/v2\/pages"}],"about":[{"href":"https:\/\/ogvs.de\/index.php?rest_route=\/wp\/v2\/types\/page"}],"author":[{"embeddable":true,"href":"https:\/\/ogvs.de\/index.php?rest_route=\/wp\/v2\/users\/1"}],"replies":[{"embeddable":true,"href":"https:\/\/ogvs.de\/index.php?rest_route=%2Fwp%2Fv2%2Fcomments&post=198"}],"version-history":[{"count":7,"href":"https:\/\/ogvs.de\/index.php?rest_route=\/wp\/v2\/pages\/198\/revisions"}],"predecessor-version":[{"id":275,"href":"https:\/\/ogvs.de\/index.php?rest_route=\/wp\/v2\/pages\/198\/revisions\/275"}],"up":[{"embeddable":true,"href":"https:\/\/ogvs.de\/index.php?rest_route=\/wp\/v2\/pages\/189"}],"wp:attachment":[{"href":"https:\/\/ogvs.de\/index.php?rest_route=%2Fwp%2Fv2%2Fmedia&parent=198"}],"curies":[{"name":"wp","href":"https:\/\/api.w.org\/{rel}","templated":true}]}}